{"id":747,"date":"2023-02-09T16:44:39","date_gmt":"2023-02-09T16:44:39","guid":{"rendered":"https:\/\/rafaelartacho.es\/?page_id=747"},"modified":"2024-11-28T11:08:10","modified_gmt":"2024-11-28T11:08:10","slug":"curriculum","status":"publish","type":"page","link":"https:\/\/rafaelartacho.es\/index.php\/curriculum\/","title":{"rendered":"CURRICULUM"},"content":{"rendered":"\n<p><strong>TODA UNA VIDA<\/strong><\/p>\n\n\n\n<p>M\u00e1s de 40 a\u00f1os de mi vida trabajando en el sector de los medios impresos. En la distribuci\u00f3n primero, en editoras de peri\u00f3dicos despu\u00e9s y como vendedor de prensa los \u00faltimos 25 a\u00f1os en los que tambi\u00e9n he dedicado mucho tiempo y esfuerzo al asociacionismo.<\/p>\n\n\n\n<p>Distribuidoras, Editoras, Vendedor de Prensa y Asociaciones son las 4 patas que sustentan mi vida profesional.<\/p>\n\n\n\n<p>Confieso que todas ellas me han dado grandes satisfacciones y que he sido una persona que ha disfrutado con su trabajo y especialmente cuando se trataba de organizar y coordinar equipos. Creo que en todas ellas he actuado con responsabilidad, defendiendo los intereses leg\u00edtimos de quien me contrataba y he disfrutado con el crecimiento y consolidaci\u00f3n de las empresas por las que he pasado. Tambi\u00e9n debo decir que he pasado momentos dif\u00edciles cuando alguna de esas empresas cerraba y se frustraban las perspectivas que hab\u00edamos depositado en ellas.<\/p>\n\n\n\n<p>Mi trabajo en las asociaciones ha estado jalonado de \u00e9xitos y fracasos pero me quedo con la satisfacci\u00f3n de que siempre he luchado por lo que he cre\u00eddo justo.<\/p>\n\n\n\n<p><strong>DISTRIBUIDORAS.<\/strong><\/p>\n\n\n\n<div class=\"wp-block-media-text alignwide has-media-on-the-right is-stacked-on-mobile\"><div class=\"wp-block-media-text__content\">\n<p>Fu\u00e9 en 1976 cuando, gracias a mi hermano Jose, empiezo a trabajar en una distribuidora de publicaciones.<\/p>\n\n\n\n<p>En aquellos a\u00f1os los vendedores de prensa de Madrid acud\u00edan diariamente a lo que entonces se llamaba los sectores para recoger las publicaciones. Uno de esos sectores era la Viuda de Ros que estaba en la Calle La Paz n\u00ba 15, al lado de la Puerta del Sol.<\/p>\n\n\n\n<p>All\u00ed inici\u00e9 mi andadura en el sector de la distribuci\u00f3n de publicaciones.<\/p>\n<\/div><figure class=\"wp-block-media-text__media\"><img loading=\"lazy\" decoding=\"async\" width=\"549\" height=\"782\" src=\"https:\/\/rafaelartacho.es\/wp-content\/uploads\/2023\/02\/Doc1-1.jpg\" alt=\"\" class=\"wp-image-757 size-full\" srcset=\"https:\/\/rafaelartacho.es\/wp-content\/uploads\/2023\/02\/Doc1-1.jpg 549w, https:\/\/rafaelartacho.es\/wp-content\/uploads\/2023\/02\/Doc1-1-211x300.jpg 211w\" sizes=\"auto, (max-width: 549px) 85vw, 549px\" \/><\/figure><\/div>\n\n\n\n<p>Mi trabajo consist\u00eda en valorar los albaranes de las revistas que se entregaban a los clientes. Se hac\u00eda en el momento y sin calculadora. Pronto tuve que adquirir una gran agilidad para calcular mentalmente los precios y los importes con su descuento correspondiente.<\/p>\n\n\n\n<p>Juan Ros, J. Mora, Distribuidora It\u00e1lica, Gesdisa fueron otras distribuidoras en las que estuve trabajando y donde ya se trabajaba con medios m\u00e1s modernos.<\/p>\n\n\n\n<p><strong>EDITORES<\/strong><\/p>\n\n\n\n<figure class=\"wp-block-gallery has-nested-images columns-default is-cropped wp-block-gallery-1 is-layout-flex wp-block-gallery-is-layout-flex\">\n<figure class=\"wp-block-image size-large\"><img decoding=\"async\" data-id=\"749\" src=\"https:\/\/rafaelartacho.es\/wp-content\/uploads\/2023\/02\/img794-1.jpg\" alt=\"\" class=\"wp-image-749\"\/><\/figure>\n\n\n\n<figure class=\"wp-block-image size-large\"><img decoding=\"async\" data-id=\"750\" src=\"https:\/\/rafaelartacho.es\/wp-content\/uploads\/2023\/02\/img795-1.jpg\" alt=\"\" class=\"wp-image-750\"\/><\/figure>\n<\/figure>\n\n\n\n<p><\/p>\n\n\n\n<p>En septiembre de 1989 un gran profesional de la distribuci\u00f3n, Pedro Alonso, al que conoc\u00ed cuando era Gerente de Sgel Madrid, me ofrece pertenecer al equipo de distribuci\u00f3n de un peri\u00f3dico nuevo que saldr\u00eda al mercado en breve. Era una oportunidad, no exenta de riesgos, que no quise desaprovechar pues trabajar en un peri\u00f3dico era una de mis aspiraciones.<\/p>\n\n\n\n<p>El 23 de Octubre nac\u00eda EL MUNDO y siempre recordar\u00e9 el empe\u00f1o y la ilusi\u00f3n que los componentes del peri\u00f3dico, con Alfonso de Salas a la cabeza, pusimos, para que saliera adelante. Con pocos medios y mucho esfuerzo el peri\u00f3dico se consolid\u00f3 y logr\u00f3 hacerse un hueco en el mercado.<\/p>\n\n\n\n<p>El diario popular Claro y el Sol fueron tambi\u00e9n dos peri\u00f3dicos en los que trabaj\u00e9 en los a\u00f1os 1991 y 1992.<\/p>\n\n\n\n<p><strong>VENDEDOR DE PRENSA<\/strong><br>Desde 1986 mi esposa regentaba un local de venta de prensa en un centro comercial de M\u00f3stoles. Cuando cierra el peri\u00f3dico El Sol, y meses m\u00e1s tarde su distribuidora Gesdisa, en la que hab\u00eda desempe\u00f1ado tareas de distribuci\u00f3n, decido empezar una nueva etapa en mi vida profesional y dedicarme a la venta de prensa. <\/p>\n\n\n\n<figure class=\"wp-block-gallery has-nested-images columns-default is-cropped wp-block-gallery-2 is-layout-flex wp-block-gallery-is-layout-flex\">\n<figure class=\"wp-block-image size-large\"><img loading=\"lazy\" decoding=\"async\" width=\"1024\" height=\"780\" data-id=\"764\" src=\"https:\/\/rafaelartacho.es\/wp-content\/uploads\/2023\/02\/img797rec-1-1024x780.jpg\" alt=\"\" class=\"wp-image-764\" srcset=\"https:\/\/rafaelartacho.es\/wp-content\/uploads\/2023\/02\/img797rec-1-1024x780.jpg 1024w, https:\/\/rafaelartacho.es\/wp-content\/uploads\/2023\/02\/img797rec-1-300x228.jpg 300w, https:\/\/rafaelartacho.es\/wp-content\/uploads\/2023\/02\/img797rec-1-768x585.jpg 768w, https:\/\/rafaelartacho.es\/wp-content\/uploads\/2023\/02\/img797rec-1-1200x914.jpg 1200w, https:\/\/rafaelartacho.es\/wp-content\/uploads\/2023\/02\/img797rec-1.jpg 1393w\" sizes=\"auto, (max-width: 709px) 85vw, (max-width: 909px) 67vw, (max-width: 1362px) 62vw, 840px\" \/><figcaption class=\"wp-element-caption\">Sonia en la primera tienda que trabajamos<\/figcaption><\/figure>\n\n\n\n<figure class=\"wp-block-image size-large\"><img loading=\"lazy\" decoding=\"async\" width=\"1024\" height=\"867\" data-id=\"765\" src=\"https:\/\/rafaelartacho.es\/wp-content\/uploads\/2023\/02\/img798rec-1024x867.jpg\" alt=\"\" class=\"wp-image-765\" srcset=\"https:\/\/rafaelartacho.es\/wp-content\/uploads\/2023\/02\/img798rec-1024x867.jpg 1024w, https:\/\/rafaelartacho.es\/wp-content\/uploads\/2023\/02\/img798rec-300x254.jpg 300w, https:\/\/rafaelartacho.es\/wp-content\/uploads\/2023\/02\/img798rec-768x650.jpg 768w, https:\/\/rafaelartacho.es\/wp-content\/uploads\/2023\/02\/img798rec-1200x1016.jpg 1200w, https:\/\/rafaelartacho.es\/wp-content\/uploads\/2023\/02\/img798rec.jpg 1342w\" sizes=\"auto, (max-width: 709px) 85vw, (max-width: 909px) 67vw, (max-width: 1362px) 62vw, 840px\" \/><figcaption class=\"wp-element-caption\">Mi hija Vanesa en la tienda de discos<\/figcaption><\/figure>\n<\/figure>\n\n\n\n<p>Los primeros a\u00f1os fueron a\u00f1os pr\u00f3speros en los que compensaba trabajar muchas horas, pocos d\u00edas libres y pocas vacaciones. Se trabajaba mucho, s\u00ed pero a cambio ten\u00eda su recompensa en t\u00e9rminos econ\u00f3micos.<\/p>\n\n\n\n<p>Abrir una tienda de discos y alquiler de videojuegos en 1997 fue un experimento que no result\u00f3 productivo y tuve que cerrarlo dos a\u00f1os despu\u00e9s.<\/p>\n\n\n\n<div class=\"wp-block-media-text alignwide is-stacked-on-mobile\"><figure class=\"wp-block-media-text__media\"><img loading=\"lazy\" decoding=\"async\" width=\"281\" height=\"162\" src=\"https:\/\/rafaelartacho.es\/wp-content\/uploads\/2023\/02\/img799-25-1.jpg\" alt=\"\" class=\"wp-image-845 size-full\"\/><\/figure><div class=\"wp-block-media-text__content\">\n<p>Hacerme cargo de otro local de prensa en 2003, en una zona de M\u00f3stoles que hab\u00eda sido mi barrio s\u00ed result\u00f3 provechoso. Continua abierto , atendido por Sonia, vendedora a la que represent\u00e9 en la Asociaci\u00f3n, tras mi jubilaci\u00f3n en 2017.<\/p>\n<\/div><\/div>\n\n\n\n<h3 class=\"wp-block-heading\"><strong><em>ASOCIACIONES<\/em><\/strong><\/h3>\n\n\n\n<div class=\"wp-block-media-text alignwide has-media-on-the-right is-stacked-on-mobile\"><div class=\"wp-block-media-text__content\">\n<p>En 1995 refundo la Asociaci\u00f3n de Vendedores de Prensa de M\u00f3stoles inactiva desde 1990.<\/p>\n\n\n\n<p>Modernizar la Ordenanza Reguladora de los quioscos de venta de prensa en la v\u00eda p\u00fablica ha sido el mayor reto y el mayor logro que la Asociaci\u00f3n consigui\u00f3. Ha servido de referencia para muchas Ordenanzas del resto de Espa\u00f1a y  adem\u00e1s de la publicidad gen\u00e9rica se consiguieron periodos muy amplios de concesi\u00f3n y facilidades para el cambio de titularidad y se ampliaron los productos y servicios que se pueden comercializar en los quioscos. <\/p>\n<\/div><figure class=\"wp-block-media-text__media\"><img loading=\"lazy\" decoding=\"async\" width=\"312\" height=\"510\" src=\"https:\/\/rafaelartacho.es\/wp-content\/uploads\/2023\/02\/img800.jpg\" alt=\"\" class=\"wp-image-855 size-full\" srcset=\"https:\/\/rafaelartacho.es\/wp-content\/uploads\/2023\/02\/img800.jpg 312w, https:\/\/rafaelartacho.es\/wp-content\/uploads\/2023\/02\/img800-184x300.jpg 184w\" sizes=\"auto, (max-width: 312px) 85vw, 312px\" \/><\/figure><\/div>\n\n\n\n<figure class=\"wp-block-embed is-type-video is-provider-youtube wp-block-embed-youtube wp-embed-aspect-16-9 wp-has-aspect-ratio\"><div class=\"wp-block-embed__wrapper\">\n<iframe loading=\"lazy\" title=\"Pleno 26 de noviembre 1\" width=\"840\" height=\"473\" src=\"https:\/\/www.youtube.com\/embed\/3bwup8x9rmI?feature=oembed\" frameborder=\"0\" allow=\"accelerometer; autoplay; clipboard-write; encrypted-media; gyroscope; picture-in-picture; web-share\" referrerpolicy=\"strict-origin-when-cross-origin\" allowfullscreen><\/iframe>\n<\/div><figcaption class=\"wp-element-caption\">Pleno del Ayuntamiento de M\u00f3stoles de  26 de Noviembre de 2015 donde se amplia la autorizaci\u00f3n para que los quioscos puedan ofrecer m\u00e1s art\u00edculos y servicios <\/figcaption><\/figure>\n\n\n\n<p><em>En 1996 me incorporo como Vicepresidente a FEMCAPRENS (Federaci\u00f3n Madrile\u00f1o-Castellana de Asociaciones de Vendedores de Prensa.<\/em><\/p>\n\n\n\n<div class=\"wp-block-media-text alignwide is-stacked-on-mobile\"><figure class=\"wp-block-media-text__media\"><img loading=\"lazy\" decoding=\"async\" width=\"1024\" height=\"590\" src=\"https:\/\/rafaelartacho.es\/wp-content\/uploads\/2023\/02\/img7992-1024x590.jpg\" alt=\"\" class=\"wp-image-837 size-full\"\/><\/figure><div class=\"wp-block-media-text__content\">\n<p>En 1997 soy elegido Presidente de FEMCAPRENS que en ese momento contaba con 150 asociados, continuando en dicho puesto hasta el a\u00f1o 2000 en el que FEMCAPRENS cuenta ya con 450 asociados.<\/p>\n\n\n\n<p><\/p>\n<\/div><\/div>\n\n\n\n<figure class=\"wp-block-embed is-type-video is-provider-youtube wp-block-embed-youtube wp-embed-aspect-4-3 wp-has-aspect-ratio\"><div class=\"wp-block-embed__wrapper\">\n<iframe loading=\"lazy\" title=\"CONFLICTO SGEL 25 11 1999\" width=\"840\" height=\"630\" src=\"https:\/\/www.youtube.com\/embed\/G9SxHT2Rr-w?feature=oembed\" frameborder=\"0\" allow=\"accelerometer; autoplay; clipboard-write; encrypted-media; gyroscope; picture-in-picture; web-share\" referrerpolicy=\"strict-origin-when-cross-origin\" allowfullscreen><\/iframe>\n<\/div><figcaption class=\"wp-element-caption\">Noticia aparecida en el Telediario de Telecinco el 25-11-1999<br> <\/figcaption><\/figure>\n\n\n\n<p>Durante mi mandato se produjeron los mayores avances en la mejora de las condiciones de los vendedores de prensa. Se luch\u00f3 por dichas mejoras con movilizaciones y  poni\u00e9ndose en los tribunales las primeras demandas contra las distribuidoras m\u00e1s importantes por su abuso de posici\u00f3n dominante.<\/p>\n\n\n\n<div class=\"wp-block-media-text alignwide has-media-on-the-right is-stacked-on-mobile\"><div class=\"wp-block-media-text__content\">\n<p>En 1999 soy elegido Presidente de CONADIPE (Confederacion Nacional de Asociaciones de Vendedores de Prensa de Espa\u00f1a), permaneciendo hasta 2001. Durante mi mandato se impuls\u00f3 el Estatuto del Vendedor de Prensa, celebr\u00e1ndose una manifestaci\u00f3n de vendedores de prensa ante el Congreso de los Diputados.<\/p>\n<\/div><figure class=\"wp-block-media-text__media\"><img loading=\"lazy\" decoding=\"async\" width=\"1024\" height=\"658\" src=\"https:\/\/rafaelartacho.es\/wp-content\/uploads\/2023\/02\/img801-1-2-1024x658.jpg\" alt=\"\" class=\"wp-image-857 size-full\" srcset=\"https:\/\/rafaelartacho.es\/wp-content\/uploads\/2023\/02\/img801-1-2-1024x658.jpg 1024w, https:\/\/rafaelartacho.es\/wp-content\/uploads\/2023\/02\/img801-1-2-300x193.jpg 300w, https:\/\/rafaelartacho.es\/wp-content\/uploads\/2023\/02\/img801-1-2-768x494.jpg 768w, https:\/\/rafaelartacho.es\/wp-content\/uploads\/2023\/02\/img801-1-2.jpg 1033w\" sizes=\"auto, (max-width: 709px) 85vw, (max-width: 909px) 67vw, (max-width: 1362px) 62vw, 840px\" \/><\/figure><\/div>\n\n\n\n<p>Se celebraron reuniones en el Congreso de los Diputados con todos los grupos pol\u00edticos y se inst\u00f3 al Gobierno a que realizara un estudio de nuestro sector.  Se cre\u00f3 una mesa de negociaci\u00f3n con Editores y Distribuidores en la que se consiguieron algunos acuerdos. <\/p>\n\n\n\n<p>En Octubre de 2001 se celebr\u00f3 el Congreso de Vendedores de Prensa de Asturias que yo hab\u00eda promovido y que pretendi\u00f3 marcar las acciones a seguir por Conadipe. Mi marcha obligada de la Confederaci\u00f3n impidi\u00f3 que pudiera llevar a t\u00e9rmino las conclusiones del Congreso que sin duda hubieran  cambiado de forma notable las condiciones de los Vendedores de Prensa.<\/p>\n\n\n\n<div class=\"wp-block-media-text alignwide is-stacked-on-mobile\"><figure class=\"wp-block-media-text__media\"><img loading=\"lazy\" decoding=\"async\" width=\"697\" height=\"988\" src=\"https:\/\/rafaelartacho.es\/wp-content\/uploads\/2023\/02\/img801.jpg\" alt=\"\" class=\"wp-image-852 size-full\" srcset=\"https:\/\/rafaelartacho.es\/wp-content\/uploads\/2023\/02\/img801.jpg 697w, https:\/\/rafaelartacho.es\/wp-content\/uploads\/2023\/02\/img801-212x300.jpg 212w\" sizes=\"auto, (max-width: 697px) 85vw, 697px\" \/><\/figure><div class=\"wp-block-media-text__content\">\n<p>En 2007 tras un par\u00e9ntesis alejado del mundo asociativo creo la Asociaci\u00f3n de Vendedores de Prensa de la Comunidad de Madrid (AVECOMA). Fundada por las Asociaciones de M\u00f3stoles y Fuenlabrada pronto fue ampliando su influencia a toda la Comunidad de Madrid.<\/p>\n\n\n\n<p>Defender y representar los intereses de los vendedores asociados con eficacia se logr\u00f3 con mucho trabajo y buena coordinaci\u00f3n. <\/p>\n<\/div><\/div>\n\n\n\n<figure class=\"wp-block-embed is-type-video is-provider-youtube wp-block-embed-youtube wp-embed-aspect-16-9 wp-has-aspect-ratio\"><div class=\"wp-block-embed__wrapper\">\n<iframe loading=\"lazy\" title=\"Declaracion de Rafael Artacho sobre recuperacion de tabaco en locales\" width=\"840\" height=\"473\" src=\"https:\/\/www.youtube.com\/embed\/lqxX4-sVdQQ?feature=oembed\" frameborder=\"0\" allow=\"accelerometer; autoplay; clipboard-write; encrypted-media; gyroscope; picture-in-picture; web-share\" referrerpolicy=\"strict-origin-when-cross-origin\" allowfullscreen><\/iframe>\n<\/div><figcaption class=\"wp-element-caption\">Rafael Artacho pone en valor las gestiones que se hicieron desde las Asociaciones para recuperar la autorizaci\u00f3n de venta de tabaco en locales comerciales.<br> <\/figcaption><\/figure>\n\n\n\n<p>Los Premios Avecoma que reconoc\u00edan los valores de personas, empresas y entidades que hab\u00edan favorecido a los Vendedores de Prensa fue un instrumento valioso que dio mucha visibilidad a la Asociaci\u00f3n lo que facilitaba que pudiera defender mejor los intereses de los Vendedores asociados.<\/p>\n\n\n\n<figure class=\"wp-block-embed is-type-video is-provider-youtube wp-block-embed-youtube wp-embed-aspect-16-9 wp-has-aspect-ratio\"><div class=\"wp-block-embed__wrapper\">\n<iframe loading=\"lazy\" title=\"Premios AVECOMA 2010\" width=\"840\" height=\"473\" src=\"https:\/\/www.youtube.com\/embed\/s9Ji2XQ9VI4?feature=oembed\" frameborder=\"0\" allow=\"accelerometer; autoplay; clipboard-write; encrypted-media; gyroscope; picture-in-picture; web-share\" referrerpolicy=\"strict-origin-when-cross-origin\" allowfullscreen><\/iframe>\n<\/div><figcaption class=\"wp-element-caption\">La III Edici\u00f3n de los Premios M\u00f3stoles fue espectacular. Por la calidad de los premiados y por la asistencia de personalidades entre ellas Presidentes de las Asociaciones de Vendedores  m\u00e1s importantes de Espa\u00f1a<\/figcaption><\/figure>\n\n\n\n<p><\/p>\n\n\n\n<p>En 2011 nace la Agrupaci\u00f3n Nacional de Vendedores de Publicaciones. (ANVP), de la que fui miembro fundador.<\/p>\n\n\n\n<figure class=\"wp-block-embed is-type-video is-provider-youtube wp-block-embed-youtube wp-embed-aspect-4-3 wp-has-aspect-ratio\"><div class=\"wp-block-embed__wrapper\">\n<iframe loading=\"lazy\" title=\"5 PRESENTACION ANVP  Discurso del Presidente Rafael Artacho\" width=\"840\" height=\"630\" src=\"https:\/\/www.youtube.com\/embed\/uTi2ha6FgL0?feature=oembed\" frameborder=\"0\" allow=\"accelerometer; autoplay; clipboard-write; encrypted-media; gyroscope; picture-in-picture; web-share\" referrerpolicy=\"strict-origin-when-cross-origin\" allowfullscreen><\/iframe>\n<\/div><figcaption class=\"wp-element-caption\">Acto de presentaci\u00f3n de la Agrupaci\u00f3n Nacional de Vendedores de Publicaciones celebrado en el Museo Municipal de M\u00f3stoles, siendo padrinos el alcalde de M\u00f3stoles y el presidente de ATA<\/figcaption><\/figure>\n\n\n\n<figure class=\"wp-block-embed is-type-video is-provider-youtube wp-block-embed-youtube wp-embed-aspect-4-3 wp-has-aspect-ratio\"><div class=\"wp-block-embed__wrapper\">\n<iframe loading=\"lazy\" title=\"Hablamos con Rafael Artacho Presidente de la Agrupacion Nacional de Vendedores de Publicaciones\" width=\"840\" height=\"630\" src=\"https:\/\/www.youtube.com\/embed\/L3Mdg4iPXdM?feature=oembed\" frameborder=\"0\" allow=\"accelerometer; autoplay; clipboard-write; encrypted-media; gyroscope; picture-in-picture; web-share\" referrerpolicy=\"strict-origin-when-cross-origin\" allowfullscreen><\/iframe>\n<\/div><figcaption class=\"wp-element-caption\">Entrevista en Sur TV sobre la presentaci\u00f3n de ANVP en M\u00f3stoles<\/figcaption><\/figure>\n\n\n\n<p><\/p>\n","protected":false},"excerpt":{"rendered":"<p>TODA UNA VIDA M\u00e1s de 40 a\u00f1os de mi vida trabajando en el sector de los medios impresos. En la distribuci\u00f3n primero, en editoras de peri\u00f3dicos despu\u00e9s y como vendedor de prensa los \u00faltimos 25 a\u00f1os en los que tambi\u00e9n he dedicado mucho tiempo y esfuerzo al asociacionismo. Distribuidoras, Editoras, Vendedor de Prensa y Asociaciones &hellip; <a href=\"https:\/\/rafaelartacho.es\/index.php\/curriculum\/\" class=\"more-link\">Continuar leyendo<span class=\"screen-reader-text\"> \u00abCURRICULUM\u00bb<\/span><\/a><\/p>\n","protected":false},"author":1,"featured_media":0,"parent":0,"menu_order":0,"comment_status":"closed","ping_status":"closed","template":"","meta":{"footnotes":""},"class_list":["post-747","page","type-page","status-publish","hentry"],"_links":{"self":[{"href":"https:\/\/rafaelartacho.es\/index.php\/wp-json\/wp\/v2\/pages\/747","targetHints":{"allow":["GET"]}}],"collection":[{"href":"https:\/\/rafaelartacho.es\/index.php\/wp-json\/wp\/v2\/pages"}],"about":[{"href":"https:\/\/rafaelartacho.es\/index.php\/wp-json\/wp\/v2\/types\/page"}],"author":[{"embeddable":true,"href":"https:\/\/rafaelartacho.es\/index.php\/wp-json\/wp\/v2\/users\/1"}],"replies":[{"embeddable":true,"href":"https:\/\/rafaelartacho.es\/index.php\/wp-json\/wp\/v2\/comments?post=747"}],"version-history":[{"count":12,"href":"https:\/\/rafaelartacho.es\/index.php\/wp-json\/wp\/v2\/pages\/747\/revisions"}],"predecessor-version":[{"id":1268,"href":"https:\/\/rafaelartacho.es\/index.php\/wp-json\/wp\/v2\/pages\/747\/revisions\/1268"}],"wp:attachment":[{"href":"https:\/\/rafaelartacho.es\/index.php\/wp-json\/wp\/v2\/media?parent=747"}],"curies":[{"name":"wp","href":"https:\/\/api.w.org\/{rel}","templated":true}]}}